{"id":533,"date":"2025-04-13T16:45:15","date_gmt":"2025-04-13T19:45:15","guid":{"rendered":"https:\/\/cinemadosquilombos.com.br\/?page_id=533"},"modified":"2025-04-24T16:44:49","modified_gmt":"2025-04-24T19:44:49","slug":"26-4-sabado-sessao-1-18h","status":"publish","type":"page","link":"https:\/\/cinemadosquilombos.com.br\/index.php\/26-4-sabado-sessao-1-18h\/","title":{"rendered":"26\/4 | s\u00e1bado | sess\u00e3o 1 | 18h"},"content":{"rendered":"\n<p><em>Retire seu&nbsp;<a href=\"https:\/\/bileto.sympla.com.br\/event\/104797\/d\/311585\/s\/2122506\" target=\"_blank\" rel=\"noreferrer noopener\">ingresso aqui<\/a>&nbsp;ou na bilheteria do cinema meia hora antes da sess\u00e3o.<\/em><\/p>\n\n\n\n<p><strong>Acessibilidade audiodescri\u00e7\u00e3o<\/strong><\/p>\n\n\n\n<p><strong>Tan\u00e7a<\/strong><\/p>\n\n\n\n<p>Dir.: Irmandade dos Atores da P\u00e2ndega e Associa\u00e7\u00e3o Quilombola Mato do Ti\u00e7\u00e3o, doc., 31\u2019, 2014, Quilombo Mato do Ti\u00e7\u00e3o &#8211; Jaboticatubas\/MG<\/p>\n\n\n\n<figure class=\"wp-block-image size-large\"><img fetchpriority=\"high\" decoding=\"async\" width=\"1024\" height=\"576\" src=\"https:\/\/cinemadosquilombos.com.br\/wp-content\/uploads\/2025\/04\/Tanca-3-1024x576.png\" alt=\"\" class=\"wp-image-568\" srcset=\"https:\/\/cinemadosquilombos.com.br\/wp-content\/uploads\/2025\/04\/Tanca-3-1024x576.png 1024w, https:\/\/cinemadosquilombos.com.br\/wp-content\/uploads\/2025\/04\/Tanca-3-300x169.png 300w, https:\/\/cinemadosquilombos.com.br\/wp-content\/uploads\/2025\/04\/Tanca-3-768x432.png 768w, https:\/\/cinemadosquilombos.com.br\/wp-content\/uploads\/2025\/04\/Tanca-3-1536x864.png 1536w, https:\/\/cinemadosquilombos.com.br\/wp-content\/uploads\/2025\/04\/Tanca-3.png 1920w\" sizes=\"(max-width: 1024px) 100vw, 1024px\" \/><\/figure>\n\n\n\n<p>Tan\u00e7a, africana escravizada na regi\u00e3o da Serra do Cip\u00f3, Minas Gerais, \u00e9 a matriarca ancestral do Quilombo do Mati\u00e7\u00e3o, que teria vivido cerca de 130 anos. Constantina Augusta dos Santos, a tia Tan\u00e7a, renasce vigorosa na mem\u00f3ria de seus descendentes mais velhos: seis irm\u00e3os da fam\u00edlia Siqueira, que mant\u00e9m com impressionante lucidez e riqueza de detalhes a hist\u00f3ria do quilombo.<\/p>\n\n\n\n<p>Assista com audiodescri\u00e7\u00e3o:<\/p>\n\n\n\n<figure class=\"wp-block-embed is-type-video is-provider-youtube wp-block-embed-youtube wp-embed-aspect-16-9 wp-has-aspect-ratio\"><div class=\"wp-block-embed__wrapper\">\n<iframe title=\"Tan\u00e7a (Audiodescri\u00e7\u00e3o)\" width=\"500\" height=\"281\" src=\"https:\/\/www.youtube.com\/embed\/otBwT3TGxs4?feature=oembed\" frameborder=\"0\" allow=\"accelerometer; autoplay; clipboard-write; encrypted-media; gyroscope; picture-in-picture; web-share\" referrerpolicy=\"strict-origin-when-cross-origin\" allowfullscreen><\/iframe>\n<\/div><\/figure>\n\n\n\n<p class=\"has-text-align-center\">_____________________<\/p>\n\n\n\n<p><strong>CANDOMBE DO A\u00c7UDE &#8211; o passado contado pelo canto&nbsp;<\/strong><\/p>\n\n\n\n<p>Dir.: Danilo Candombe, doc., 29\u2019, 2020, Quilombo do A\u00e7ude &#8211; Jaboticatubas\/MG<\/p>\n\n\n\n<figure class=\"wp-block-image size-large\"><img decoding=\"async\" width=\"1024\" height=\"681\" src=\"http:\/\/cinemadosquilombos.com.br\/wp-content\/uploads\/2025\/04\/candombe-6a-mostra-1024x681.jpg\" alt=\"\" class=\"wp-image-505\" srcset=\"https:\/\/cinemadosquilombos.com.br\/wp-content\/uploads\/2025\/04\/candombe-6a-mostra-1024x681.jpg 1024w, https:\/\/cinemadosquilombos.com.br\/wp-content\/uploads\/2025\/04\/candombe-6a-mostra-300x200.jpg 300w, https:\/\/cinemadosquilombos.com.br\/wp-content\/uploads\/2025\/04\/candombe-6a-mostra-768x511.jpg 768w, https:\/\/cinemadosquilombos.com.br\/wp-content\/uploads\/2025\/04\/candombe-6a-mostra-1536x1022.jpg 1536w, https:\/\/cinemadosquilombos.com.br\/wp-content\/uploads\/2025\/04\/candombe-6a-mostra-2048x1363.jpg 2048w\" sizes=\"(max-width: 1024px) 100vw, 1024px\" \/><\/figure>\n\n\n\n<p>O filme retrata como foi o ritual do Candombe durante a pandemia no ano de 2020 e mostra como a nova gera\u00e7\u00e3o vivenciou e sentiu a manifesta\u00e7\u00e3o de suas tradi\u00e7\u00f5es, pela primeira vez em 20 anos sem a influ\u00eancia de visitantes.<\/p>\n\n\n\n<p>Assista:<\/p>\n\n\n\n<figure class=\"wp-block-embed is-type-video is-provider-youtube wp-block-embed-youtube wp-embed-aspect-16-9 wp-has-aspect-ratio\"><div class=\"wp-block-embed__wrapper\">\n<iframe title=\"CANDOMBE DO A\u00c7UDE \u2013 o passado contado pelo canto (Audiodescri\u00e7\u00e3o)\" width=\"500\" height=\"281\" src=\"https:\/\/www.youtube.com\/embed\/rCqZNEJdOaM?feature=oembed\" frameborder=\"0\" allow=\"accelerometer; autoplay; clipboard-write; encrypted-media; gyroscope; picture-in-picture; web-share\" referrerpolicy=\"strict-origin-when-cross-origin\" allowfullscreen><\/iframe>\n<\/div><\/figure>\n\n\n\n<p class=\"has-text-align-center\">_____________________<\/p>\n\n\n\n<p><strong>Voa Arturos<\/strong><\/p>\n\n\n\n<p>Dir.: Othon de Saboia, fic\u00e7\u00e3o, 6\u2019, 2022, Quilombo dos Arturos &#8211; Contagem\/MG<\/p>\n\n\n\n<figure class=\"wp-block-image size-large\"><img decoding=\"async\" width=\"1024\" height=\"576\" src=\"http:\/\/cinemadosquilombos.com.br\/wp-content\/uploads\/2025\/04\/voa-arturos-1-1024x576.png\" alt=\"\" class=\"wp-image-506\" srcset=\"https:\/\/cinemadosquilombos.com.br\/wp-content\/uploads\/2025\/04\/voa-arturos-1-1024x576.png 1024w, https:\/\/cinemadosquilombos.com.br\/wp-content\/uploads\/2025\/04\/voa-arturos-1-300x169.png 300w, https:\/\/cinemadosquilombos.com.br\/wp-content\/uploads\/2025\/04\/voa-arturos-1-768x432.png 768w, https:\/\/cinemadosquilombos.com.br\/wp-content\/uploads\/2025\/04\/voa-arturos-1-1536x864.png 1536w, https:\/\/cinemadosquilombos.com.br\/wp-content\/uploads\/2025\/04\/voa-arturos-1.png 1920w\" sizes=\"(max-width: 1024px) 100vw, 1024px\" \/><\/figure>\n\n\n\n<p>Uma disputa no c\u00e9u do Quilombo dos Arturos se transforma quando a ancestralidade e a cultura de um povo entram em cena. Gravado em 2022, o curta &#8220;Voa Arturos&#8221; \u00e9 resultado de uma oficina audiovisual parte do &#8220;Projeto de forma\u00e7\u00e3o de agentes culturais &#8211; Comunidade Quilombola dos Arturos&#8221;. E foi idealizado, produzido e estrelado pela pr\u00f3pria comunidade.<\/p>\n\n\n\n<p>Assista:<\/p>\n\n\n\n<figure class=\"wp-block-embed is-type-video is-provider-youtube wp-block-embed-youtube wp-embed-aspect-16-9 wp-has-aspect-ratio\"><div class=\"wp-block-embed__wrapper\">\n<iframe title=\"Voa Arturos (Audiodescric\u0327a\u0303o)\" width=\"500\" height=\"281\" src=\"https:\/\/www.youtube.com\/embed\/yP33_TVMLxM?feature=oembed\" frameborder=\"0\" allow=\"accelerometer; autoplay; clipboard-write; encrypted-media; gyroscope; picture-in-picture; web-share\" referrerpolicy=\"strict-origin-when-cross-origin\" allowfullscreen><\/iframe>\n<\/div><\/figure>\n\n\n\n<p><\/p>\n\n\n\n<h2 class=\"wp-block-heading\"><strong>Sess\u00e3o 2 | 19h30<\/strong><\/h2>\n\n\n\n<p><em>Retire seu&nbsp;<a href=\"https:\/\/bileto.sympla.com.br\/event\/104799\/d\/311587\/s\/2122510\" target=\"_blank\" rel=\"noreferrer noopener\">ingresso<\/a><a href=\"https:\/\/bileto.sympla.com.br\/event\/104797\/d\/311585\/s\/2122506\" target=\"_blank\" rel=\"noreferrer noopener\"> aqui<\/a>&nbsp;ou na bilheteria do cinema meia hora antes da sess\u00e3o.<\/em><\/p>\n\n\n\n<p><\/p>\n\n\n\n<p><strong>Quilombo Mata Cavalo&nbsp;<\/strong><\/p>\n\n\n\n<p>Dir.: Jurandir Amaral, doc., 16\u2019, 2018, Quilombo Mata Cavalo &#8211; Nossa Senhora do Livramento\/MT<\/p>\n\n\n\n<figure class=\"wp-block-image size-large\"><img loading=\"lazy\" decoding=\"async\" width=\"1024\" height=\"576\" src=\"https:\/\/cinemadosquilombos.com.br\/wp-content\/uploads\/2025\/04\/quilombo-mata-cavalo-3-1024x576.png\" alt=\"\" class=\"wp-image-534\" srcset=\"https:\/\/cinemadosquilombos.com.br\/wp-content\/uploads\/2025\/04\/quilombo-mata-cavalo-3-1024x576.png 1024w, https:\/\/cinemadosquilombos.com.br\/wp-content\/uploads\/2025\/04\/quilombo-mata-cavalo-3-300x169.png 300w, https:\/\/cinemadosquilombos.com.br\/wp-content\/uploads\/2025\/04\/quilombo-mata-cavalo-3-768x432.png 768w, https:\/\/cinemadosquilombos.com.br\/wp-content\/uploads\/2025\/04\/quilombo-mata-cavalo-3-1536x864.png 1536w, https:\/\/cinemadosquilombos.com.br\/wp-content\/uploads\/2025\/04\/quilombo-mata-cavalo-3.png 1920w\" sizes=\"(max-width: 1024px) 100vw, 1024px\" \/><\/figure>\n\n\n\n<p>No Quilombo Mata Cavalo, quilombolas distribu\u00eddos em seis comunidades resistem para preservar seus tra\u00e7os culturais, manter a integra\u00e7\u00e3o comunit\u00e1ria e conquistar a regulariza\u00e7\u00e3o das terras herdadas de seus ancestrais.&nbsp;<\/p>\n\n\n\n<p>Assista:<\/p>\n\n\n\n<figure class=\"wp-block-embed is-type-video is-provider-youtube wp-block-embed-youtube wp-embed-aspect-16-9 wp-has-aspect-ratio\"><div class=\"wp-block-embed__wrapper\">\n<iframe title=\"Quilombo Mata Cavalo\" width=\"500\" height=\"281\" src=\"https:\/\/www.youtube.com\/embed\/bTy1rDgsj30?feature=oembed\" frameborder=\"0\" allow=\"accelerometer; autoplay; clipboard-write; encrypted-media; gyroscope; picture-in-picture; web-share\" referrerpolicy=\"strict-origin-when-cross-origin\" allowfullscreen><\/iframe>\n<\/div><\/figure>\n\n\n\n<p class=\"has-text-align-center\">_____________________<\/p>\n\n\n\n<p><strong>O Mundo Preto tem Mais Vida<\/strong><\/p>\n\n\n\n<p>Dir.: Sabrina Duran, doc., 37\u2019,&nbsp; 2018, Quilombo Santa Rosa dos Pretos &#8211; Itapecuru-Mirim\/MA<\/p>\n\n\n\n<figure class=\"wp-block-image size-full\"><img loading=\"lazy\" decoding=\"async\" width=\"1000\" height=\"667\" src=\"https:\/\/cinemadosquilombos.com.br\/wp-content\/uploads\/2025\/04\/IMG_7677.jpg\" alt=\"\" class=\"wp-image-535\" srcset=\"https:\/\/cinemadosquilombos.com.br\/wp-content\/uploads\/2025\/04\/IMG_7677.jpg 1000w, https:\/\/cinemadosquilombos.com.br\/wp-content\/uploads\/2025\/04\/IMG_7677-300x200.jpg 300w, https:\/\/cinemadosquilombos.com.br\/wp-content\/uploads\/2025\/04\/IMG_7677-768x512.jpg 768w\" sizes=\"(max-width: 1000px) 100vw, 1000px\" \/><\/figure>\n\n\n\n<p>A constru\u00e7\u00e3o e amplia\u00e7\u00e3o da Estrada de Ferro Caraj\u00e1s, da BR 135, atravessa violentamente a comunidade quilombola de Santa Rosa dos Pretos Itapecuru-Mirim, no Maranh\u00e3o. O Departamento Nacional de Infra-Estrutura de Transportes (DNIT) e a empresa Vale S.A. cometem severas viola\u00e7\u00f5es contra os quilombolas. Mas a vida preta de Santa Rosa ainda resiste, \u00e0 revelia do buraco branco que tudo devora sem se dar por satisfeito.<\/p>\n\n\n\n<p>Assista:<\/p>\n\n\n\n<figure class=\"wp-block-embed is-type-video is-provider-youtube wp-block-embed-youtube wp-embed-aspect-16-9 wp-has-aspect-ratio\"><div class=\"wp-block-embed__wrapper\">\n<iframe title=\"O Mundo Preto Tem Mais Vida\" width=\"500\" height=\"281\" src=\"https:\/\/www.youtube.com\/embed\/-syhaT1OsYQ?feature=oembed\" frameborder=\"0\" allow=\"accelerometer; autoplay; clipboard-write; encrypted-media; gyroscope; picture-in-picture; web-share\" referrerpolicy=\"strict-origin-when-cross-origin\" allowfullscreen><\/iframe>\n<\/div><\/figure>\n\n\n\n<p>_____________________<\/p>\n\n\n\n<p><strong>Mem\u00f3rias culin\u00e1rias do Quilombo Ausente Feliz<\/strong><\/p>\n\n\n\n<p>Dir.: Lucas Assun\u00e7\u00e3o, doc., 15\u2019, 2024, Quilombo do Ausente Feliz &#8211; Serro\/MG<\/p>\n\n\n\n<figure class=\"wp-block-image size-large\"><img loading=\"lazy\" decoding=\"async\" width=\"1024\" height=\"439\" src=\"https:\/\/cinemadosquilombos.com.br\/wp-content\/uploads\/2025\/04\/05STILL01_MESA-MCQAF-1-1024x439.png\" alt=\"\" class=\"wp-image-536\" srcset=\"https:\/\/cinemadosquilombos.com.br\/wp-content\/uploads\/2025\/04\/05STILL01_MESA-MCQAF-1-1024x439.png 1024w, https:\/\/cinemadosquilombos.com.br\/wp-content\/uploads\/2025\/04\/05STILL01_MESA-MCQAF-1-300x129.png 300w, https:\/\/cinemadosquilombos.com.br\/wp-content\/uploads\/2025\/04\/05STILL01_MESA-MCQAF-1-768x329.png 768w, https:\/\/cinemadosquilombos.com.br\/wp-content\/uploads\/2025\/04\/05STILL01_MESA-MCQAF-1-1536x658.png 1536w, https:\/\/cinemadosquilombos.com.br\/wp-content\/uploads\/2025\/04\/05STILL01_MESA-MCQAF-1-2048x878.png 2048w\" sizes=\"(max-width: 1024px) 100vw, 1024px\" \/><\/figure>\n\n\n\n<p>Mem\u00f3rias Culin\u00e1rias do Quilombo Ausente Feliz mergulha nas profundezas de uma comunidade quilombola, onde cada ingrediente conta uma hist\u00f3ria e cada prato \u00e9 um testemunho de gera\u00e7\u00f5es.&nbsp;<\/p>\n\n\n\n<p>Assista:<\/p>\n\n\n\n<figure class=\"wp-block-embed is-type-video is-provider-youtube wp-block-embed-youtube wp-embed-aspect-16-9 wp-has-aspect-ratio\"><div class=\"wp-block-embed__wrapper\">\n<iframe title=\"Mem\u00f3rias culinarias do quilombo do ausente\" width=\"500\" height=\"281\" src=\"https:\/\/www.youtube.com\/embed\/w9RYKp5Gy5U?feature=oembed\" frameborder=\"0\" allow=\"accelerometer; autoplay; clipboard-write; encrypted-media; gyroscope; picture-in-picture; web-share\" referrerpolicy=\"strict-origin-when-cross-origin\" allowfullscreen><\/iframe>\n<\/div><\/figure>\n\n\n\n<p><\/p>\n\n\n\n<p><strong>Debate<\/strong><\/p>\n\n\n\n<p>Jurandir Amaral, Zica Pires, Lucas Assun\u00e7\u00e3o e Luciene Campos (Quilombo Ausente Feliz)&nbsp;<\/p>\n\n\n\n<p>Mediador: Delei Marques (Quilombo dos Marques)<\/p>\n\n\n\n<p><\/p>\n","protected":false},"excerpt":{"rendered":"<p>Retire seu&nbsp;ingresso aqui&nbsp;ou na bilheteria do cinema meia hora antes da sess\u00e3o. Acessibilidade audiodescri\u00e7\u00e3o Tan\u00e7a Dir.: Irmandade dos Atores da P\u00e2ndega e Associa\u00e7\u00e3o Quilombola Mato do Ti\u00e7\u00e3o, doc., 31\u2019, 2014, Quilombo Mato do Ti\u00e7\u00e3o &#8211; Jaboticatubas\/MG Tan\u00e7a, africana escravizada na regi\u00e3o da Serra do Cip\u00f3, Minas Gerais, \u00e9 a matriarca ancestral do Quilombo do Mati\u00e7\u00e3o, [&hellip;]<\/p>\n","protected":false},"author":1,"featured_media":0,"parent":0,"menu_order":0,"comment_status":"closed","ping_status":"closed","template":"","meta":{"footnotes":""},"class_list":["post-533","page","type-page","status-publish","hentry"],"_links":{"self":[{"href":"https:\/\/cinemadosquilombos.com.br\/index.php\/wp-json\/wp\/v2\/pages\/533"}],"collection":[{"href":"https:\/\/cinemadosquilombos.com.br\/index.php\/wp-json\/wp\/v2\/pages"}],"about":[{"href":"https:\/\/cinemadosquilombos.com.br\/index.php\/wp-json\/wp\/v2\/types\/page"}],"author":[{"embeddable":true,"href":"https:\/\/cinemadosquilombos.com.br\/index.php\/wp-json\/wp\/v2\/users\/1"}],"replies":[{"embeddable":true,"href":"https:\/\/cinemadosquilombos.com.br\/index.php\/wp-json\/wp\/v2\/comments?post=533"}],"version-history":[{"count":10,"href":"https:\/\/cinemadosquilombos.com.br\/index.php\/wp-json\/wp\/v2\/pages\/533\/revisions"}],"predecessor-version":[{"id":624,"href":"https:\/\/cinemadosquilombos.com.br\/index.php\/wp-json\/wp\/v2\/pages\/533\/revisions\/624"}],"wp:attachment":[{"href":"https:\/\/cinemadosquilombos.com.br\/index.php\/wp-json\/wp\/v2\/media?parent=533"}],"curies":[{"name":"wp","href":"https:\/\/api.w.org\/{rel}","templated":true}]}}