{"id":545,"date":"2025-04-13T16:50:41","date_gmt":"2025-04-13T19:50:41","guid":{"rendered":"https:\/\/cinemadosquilombos.com.br\/?page_id=545"},"modified":"2025-04-25T10:12:26","modified_gmt":"2025-04-25T13:12:26","slug":"27-4-domingo-19h30","status":"publish","type":"page","link":"https:\/\/cinemadosquilombos.com.br\/index.php\/27-4-domingo-19h30\/","title":{"rendered":"27\/4 | domingo | 19h30"},"content":{"rendered":"\n<p><em>Retire seu&nbsp;<a href=\"https:\/\/bileto.sympla.com.br\/event\/104800\/d\/311588\/s\/2122512\" target=\"_blank\" rel=\"noreferrer noopener\">ingresso aqui<\/a>&nbsp;ou na bilheteria do cinema meia hora antes da sess\u00e3o.<\/em><\/p>\n\n\n\n<p><strong>Paraty Terra de Preto<\/strong><\/p>\n\n\n\n<p>Dir.: Aline Braida, F\u00e1bio Martins, Luan Silva e Mauriceia Pimenta, doc., 15\u2019, 2023, Quilombo do Campinho &#8211; Paraty\/RJ<\/p>\n\n\n\n<figure class=\"wp-block-image size-large\"><img fetchpriority=\"high\" decoding=\"async\" width=\"1024\" height=\"431\" src=\"https:\/\/cinemadosquilombos.com.br\/wp-content\/uploads\/2025\/04\/FRAME_PTP_04-1024x431.png\" alt=\"\" class=\"wp-image-546\" srcset=\"https:\/\/cinemadosquilombos.com.br\/wp-content\/uploads\/2025\/04\/FRAME_PTP_04-1024x431.png 1024w, https:\/\/cinemadosquilombos.com.br\/wp-content\/uploads\/2025\/04\/FRAME_PTP_04-300x126.png 300w, https:\/\/cinemadosquilombos.com.br\/wp-content\/uploads\/2025\/04\/FRAME_PTP_04-768x324.png 768w, https:\/\/cinemadosquilombos.com.br\/wp-content\/uploads\/2025\/04\/FRAME_PTP_04-1536x647.png 1536w, https:\/\/cinemadosquilombos.com.br\/wp-content\/uploads\/2025\/04\/FRAME_PTP_04.png 1880w\" sizes=\"(max-width: 1024px) 100vw, 1024px\" \/><\/figure>\n\n\n\n<p>Curta idealizado e realizado por jovens de Paraty em 2015, atrav\u00e9s de edital Secretaria de Audiovisual, Secretaria de Pol\u00edticas de Promo\u00e7\u00e3o de Igualdade Racial, Minist\u00e9rio da Cultura, Governo Federal.<\/p>\n\n\n\n<p>Assista: <\/p>\n\n\n\n<figure class=\"wp-block-embed is-type-video is-provider-youtube wp-block-embed-youtube wp-embed-aspect-16-9 wp-has-aspect-ratio\"><div class=\"wp-block-embed__wrapper\">\n<iframe title=\"Paraty,  Terra de Preto\" width=\"500\" height=\"281\" src=\"https:\/\/www.youtube.com\/embed\/AYD92nKc1M8?feature=oembed\" frameborder=\"0\" allow=\"accelerometer; autoplay; clipboard-write; encrypted-media; gyroscope; picture-in-picture; web-share\" referrerpolicy=\"strict-origin-when-cross-origin\" allowfullscreen><\/iframe>\n<\/div><\/figure>\n\n\n\n<p class=\"has-text-align-center\">________________________<\/p>\n\n\n\n<p><strong>ADOBE: habilidades tradicionais da constru\u00e7\u00e3o Kalunga<\/strong><\/p>\n\n\n\n<p>Dir.: Carlos Pereira, doc. 30\u2019, 2025, Comunidade Quilombola Kalunga, Cavalcante\/GO<\/p>\n\n\n\n<figure class=\"wp-block-image size-large\"><img decoding=\"async\" width=\"683\" height=\"1024\" src=\"https:\/\/cinemadosquilombos.com.br\/wp-content\/uploads\/2025\/04\/Copia-de-IMG_5577-683x1024.jpg\" alt=\"\" class=\"wp-image-547\" srcset=\"https:\/\/cinemadosquilombos.com.br\/wp-content\/uploads\/2025\/04\/Copia-de-IMG_5577-683x1024.jpg 683w, https:\/\/cinemadosquilombos.com.br\/wp-content\/uploads\/2025\/04\/Copia-de-IMG_5577-200x300.jpg 200w, https:\/\/cinemadosquilombos.com.br\/wp-content\/uploads\/2025\/04\/Copia-de-IMG_5577-768x1152.jpg 768w, https:\/\/cinemadosquilombos.com.br\/wp-content\/uploads\/2025\/04\/Copia-de-IMG_5577-1024x1536.jpg 1024w, https:\/\/cinemadosquilombos.com.br\/wp-content\/uploads\/2025\/04\/Copia-de-IMG_5577-1365x2048.jpg 1365w, https:\/\/cinemadosquilombos.com.br\/wp-content\/uploads\/2025\/04\/Copia-de-IMG_5577-scaled.jpg 1706w\" sizes=\"(max-width: 683px) 100vw, 683px\" \/><\/figure>\n\n\n\n<p>No cora\u00e7\u00e3o do quilombo reconhecido pela UNESCO como S\u00edtio Hist\u00f3rico Patrim\u00f4nio Cultural Kalunga, o document\u00e1rio \u201cADOBE: Habilidades Tradicionais da Constru\u00e7\u00e3o Kalunga\u201d mergulha na riqueza cultural e nas t\u00e9cnicas de constru\u00e7\u00e3o vernacular da comunidade Kalunga. Atrav\u00e9s de entrevistas com anci\u00e3os, l\u00edderes comunit\u00e1rios e jovens, o filme revela como o uso do adobe e de outros materiais naturais n\u00e3o apenas constr\u00f3i casas, mas tamb\u00e9m tece a identidade, a resist\u00eancia e a hist\u00f3ria de um povo que preservou suas tradi\u00e7\u00f5es por gera\u00e7\u00f5es.<\/p>\n\n\n\n<p>Dirigido por Carlos Pereira, um l\u00edder Kalunga e educador, o document\u00e1rio vai al\u00e9m da t\u00e9cnica: \u00e9 um tributo \u00e0 resili\u00eancia e \u00e0 criatividade de uma comunidade que transformou o barro em arte, o conhecimento ancestral em futuro sustent\u00e1vel, e a luta pela preserva\u00e7\u00e3o cultural em um legado vivo.<\/p>\n\n\n\n<p>Com imagens impressionantes da paisagem de Cavalcante (GO) e depoimentos emocionantes, o filme convida o espectador a refletir sobre a import\u00e2ncia da preserva\u00e7\u00e3o cultural, da sustentabilidade e do respeito \u00e0s ra\u00edzes que nos conectam \u00e0 terra e ao passado.<\/p>\n\n\n\n<p>\u201cADOBE\u201d n\u00e3o \u00e9 apenas um filme sobre o tijolo; \u00e9 uma celebra\u00e7\u00e3o da cultura Kalunga, um chamado \u00e0 valoriza\u00e7\u00e3o dos saberes tradicionais e um exemplo inspirador de como o passado pode iluminar o futuro.<\/p>\n\n\n\n<p class=\"has-text-align-left\">Assista: <\/p>\n\n\n\n<figure class=\"wp-block-embed is-type-video is-provider-youtube wp-block-embed-youtube wp-embed-aspect-16-9 wp-has-aspect-ratio\"><div class=\"wp-block-embed__wrapper\">\n<iframe title=\"Trailler -  Adobe Habilidades Tradicionais da Constru\u00e7\u00e3o Kalunga\" width=\"500\" height=\"281\" src=\"https:\/\/www.youtube.com\/embed\/Wg_UMwi-4E4?feature=oembed\" frameborder=\"0\" allow=\"accelerometer; autoplay; clipboard-write; encrypted-media; gyroscope; picture-in-picture; web-share\" referrerpolicy=\"strict-origin-when-cross-origin\" allowfullscreen><\/iframe>\n<\/div><\/figure>\n\n\n\n<p class=\"has-text-align-center\">________________________<\/p>\n\n\n\n<p><strong>E o seu dia-a-dia?&nbsp;<\/strong><\/p>\n\n\n\n<p>Dir.: Danilo Candombe, Miguel, Joaquim, Bernardo, Enzo, Eduardo, doc., 10\u2019, 2024, Quilombo do A\u00e7ude &#8211; Serra do Cip\u00f3\/MG<\/p>\n\n\n\n<figure class=\"wp-block-image size-large\"><img decoding=\"async\" width=\"1024\" height=\"576\" src=\"https:\/\/cinemadosquilombos.com.br\/wp-content\/uploads\/2025\/04\/E-o-seu-dia-adia-still-1024x576.png\" alt=\"\" class=\"wp-image-548\" srcset=\"https:\/\/cinemadosquilombos.com.br\/wp-content\/uploads\/2025\/04\/E-o-seu-dia-adia-still-1024x576.png 1024w, https:\/\/cinemadosquilombos.com.br\/wp-content\/uploads\/2025\/04\/E-o-seu-dia-adia-still-300x169.png 300w, https:\/\/cinemadosquilombos.com.br\/wp-content\/uploads\/2025\/04\/E-o-seu-dia-adia-still-768x432.png 768w, https:\/\/cinemadosquilombos.com.br\/wp-content\/uploads\/2025\/04\/E-o-seu-dia-adia-still-1536x864.png 1536w, https:\/\/cinemadosquilombos.com.br\/wp-content\/uploads\/2025\/04\/E-o-seu-dia-adia-still.png 1920w\" sizes=\"(max-width: 1024px) 100vw, 1024px\" \/><\/figure>\n\n\n\n<p>Moradores do quilombo do A\u00e7ude compartilham um pouco de como \u00e9 viver por l\u00e1. Um registro feito pelas crian\u00e7as e jovens, a partir de uma oficina ministrada pelo tamb\u00e9m morador e diretor Danilo Candombe.<\/p>\n\n\n\n<p class=\"has-text-align-left\">Assista: <\/p>\n\n\n\n<figure class=\"wp-block-embed is-type-video is-provider-youtube wp-block-embed-youtube wp-embed-aspect-16-9 wp-has-aspect-ratio\"><div class=\"wp-block-embed__wrapper\">\n<iframe title=\"E o seu dia-a-dia?\" width=\"500\" height=\"281\" src=\"https:\/\/www.youtube.com\/embed\/5B5ZTKp-LBw?feature=oembed\" frameborder=\"0\" allow=\"accelerometer; autoplay; clipboard-write; encrypted-media; gyroscope; picture-in-picture; web-share\" referrerpolicy=\"strict-origin-when-cross-origin\" allowfullscreen><\/iframe>\n<\/div><\/figure>\n\n\n\n<p><\/p>\n\n\n\n<p>Debate: Carlos Pereira e F\u00e1bio Martins&nbsp;<\/p>\n\n\n\n<p>Mediadora: Ros\u00e2ngela Silva<\/p>\n","protected":false},"excerpt":{"rendered":"<p>Retire seu&nbsp;ingresso aqui&nbsp;ou na bilheteria do cinema meia hora antes da sess\u00e3o. Paraty Terra de Preto Dir.: Aline Braida, F\u00e1bio Martins, Luan Silva e Mauriceia Pimenta, doc., 15\u2019, 2023, Quilombo do Campinho &#8211; Paraty\/RJ Curta idealizado e realizado por jovens de Paraty em 2015, atrav\u00e9s de edital Secretaria de Audiovisual, Secretaria de Pol\u00edticas de Promo\u00e7\u00e3o [&hellip;]<\/p>\n","protected":false},"author":1,"featured_media":0,"parent":0,"menu_order":0,"comment_status":"closed","ping_status":"closed","template":"","meta":{"footnotes":""},"class_list":["post-545","page","type-page","status-publish","hentry"],"_links":{"self":[{"href":"https:\/\/cinemadosquilombos.com.br\/index.php\/wp-json\/wp\/v2\/pages\/545"}],"collection":[{"href":"https:\/\/cinemadosquilombos.com.br\/index.php\/wp-json\/wp\/v2\/pages"}],"about":[{"href":"https:\/\/cinemadosquilombos.com.br\/index.php\/wp-json\/wp\/v2\/types\/page"}],"author":[{"embeddable":true,"href":"https:\/\/cinemadosquilombos.com.br\/index.php\/wp-json\/wp\/v2\/users\/1"}],"replies":[{"embeddable":true,"href":"https:\/\/cinemadosquilombos.com.br\/index.php\/wp-json\/wp\/v2\/comments?post=545"}],"version-history":[{"count":5,"href":"https:\/\/cinemadosquilombos.com.br\/index.php\/wp-json\/wp\/v2\/pages\/545\/revisions"}],"predecessor-version":[{"id":627,"href":"https:\/\/cinemadosquilombos.com.br\/index.php\/wp-json\/wp\/v2\/pages\/545\/revisions\/627"}],"wp:attachment":[{"href":"https:\/\/cinemadosquilombos.com.br\/index.php\/wp-json\/wp\/v2\/media?parent=545"}],"curies":[{"name":"wp","href":"https:\/\/api.w.org\/{rel}","templated":true}]}}